{"id":58,"date":"2020-03-12T14:26:46","date_gmt":"2020-03-12T13:26:46","guid":{"rendered":"http:\/\/filmenlanguedoc.com\/?page_id=58"},"modified":"2020-05-01T18:39:08","modified_gmt":"2020-05-01T16:39:08","slug":"ressources","status":"publish","type":"page","link":"https:\/\/filmenlanguedoc.com\/index.php\/ressources\/","title":{"rendered":"Ressources"},"content":{"rendered":"<p>[et_pb_section fb_built=\u00a0\u00bb1&Prime; _builder_version=\u00a0\u00bb4.4.0&Prime; custom_margin=\u00a0\u00bb||-18px|||\u00a0\u00bb custom_padding=\u00a0\u00bb||2px|||\u00a0\u00bb][et_pb_row column_structure=\u00a0\u00bb1_3,2_3&Prime; make_equal=\u00a0\u00bbon\u00a0\u00bb _builder_version=\u00a0\u00bb4.4.0&Prime; background_enable_color=\u00a0\u00bboff\u00a0\u00bb width_tablet=\u00a0\u00bb\u00a0\u00bb width_phone=\u00a0\u00bb95%\u00a0\u00bb width_last_edited=\u00a0\u00bbon|phone\u00a0\u00bb custom_margin_tablet=\u00a0\u00bb\u00a0\u00bb custom_margin_phone=\u00a0\u00bb||-72px||false|false\u00a0\u00bb custom_margin_last_edited=\u00a0\u00bbon|phone\u00a0\u00bb custom_padding=\u00a0\u00bb||73px|||\u00a0\u00bb][et_pb_column type=\u00a0\u00bb1_3&Prime; _builder_version=\u00a0\u00bb4.4.0&Prime;][et_pb_image src=\u00a0\u00bbhttp:\/\/filmenlanguedoc.com\/wp-content\/uploads\/2020\/03\/essource-300&#215;142.png\u00a0\u00bb align=\u00a0\u00bbcenter\u00a0\u00bb align_tablet=\u00a0\u00bb\u00a0\u00bb align_phone=\u00a0\u00bb\u00a0\u00bb align_last_edited=\u00a0\u00bbon|phone\u00a0\u00bb _builder_version=\u00a0\u00bb4.4.0&Prime; background_color=\u00a0\u00bb#523fff\u00a0\u00bb custom_padding=\u00a0\u00bb88px||87px||false|false\u00a0\u00bb border_width_all=\u00a0\u00bb-1px\u00a0\u00bb border_color_all=\u00a0\u00bb#FFFFFF\u00a0\u00bb][\/et_pb_image][\/et_pb_column][et_pb_column type=\u00a0\u00bb2_3&Prime; _builder_version=\u00a0\u00bb4.4.0&Prime;][et_pb_text _builder_version=\u00a0\u00bb4.4.0&Prime; text_font=\u00a0\u00bbPoppins||||||||\u00a0\u00bb header_2_font=\u00a0\u00bbPoppins||||||||\u00a0\u00bb header_2_text_color=\u00a0\u00bb#523fff\u00a0\u00bb header_2_font_size=\u00a0\u00bb35px\u00a0\u00bb width=\u00a0\u00bb77%\u00a0\u00bb custom_padding=\u00a0\u00bb||0px|||\u00a0\u00bb text_orientation_tablet=\u00a0\u00bb\u00a0\u00bb text_orientation_phone=\u00a0\u00bbcenter\u00a0\u00bb text_orientation_last_edited=\u00a0\u00bbon|phone\u00a0\u00bb module_alignment_tablet=\u00a0\u00bb\u00a0\u00bb module_alignment_phone=\u00a0\u00bbcenter\u00a0\u00bb module_alignment_last_edited=\u00a0\u00bbon|phone\u00a0\u00bb]<\/p>\n<h2>Nous &amp;<span style=\"font-weight: 600; font-style: italic; font-size: 35px; -webkit-text-stroke: 1px; -webkit-text-stroke-color: #523fff; color: rgba(0,0,0,0);\">\u00a0les autres.<\/span><\/h2>\n<p><span style=\"font-weight: 400;\">L\u2019association s\u2019adresse \u00e0 toutes et \u00e0 tous. <strong>Elle se d\u00e9finit comme un espace de rencontres, un outil professionnel, un lien entre tous les acteurs de notre secteur, un terrain de r\u00e9flexion, de d\u00e9veloppement de projet et d\u2019\u00e9changes d\u2019informations, et un appui aux\u00a0 nouveaux techniciens.<\/strong><\/span><\/p>\n<p>Beaucoup d&rsquo;autres associations sont \u00e0 la disposition des techniciens ouvriers et r\u00e9alisateurs d&rsquo;audiovisuel.<span style=\"font-weight: 400;\"><\/span><\/p>\n<p>&#8211;<\/p>\n<p><a href=\"charte-dutilisation-logotype-fel\" title=\"Vous pouvez t\u00e9l\u00e9charger le logo de Film en Languedoc Occitanie ainsi que sa charte d'application\"><span style=\"color: #523fff;\"><strong><span style=\"text-decoration: underline;\">Vous pouvez t\u00e9l\u00e9charger le logo de Film en Languedoc Occitanie ainsi que sa charte d&rsquo;application<\/span><\/strong><\/span><\/a><\/p>\n<p>&nbsp;<\/p>\n<p><span style=\"font-weight: 400;\"><\/span><\/p>\n<p>[\/et_pb_text][\/et_pb_column][\/et_pb_row][\/et_pb_section][et_pb_section fb_built=\u00a0\u00bb1&Prime; _builder_version=\u00a0\u00bb4.4.0&Prime; background_color=\u00a0\u00bb#523fff\u00a0\u00bb][et_pb_row column_structure=\u00a0\u00bb1_3,1_3,1_3&Prime; use_custom_gutter=\u00a0\u00bbon\u00a0\u00bb gutter_width=\u00a0\u00bb1&Prime; make_equal=\u00a0\u00bbon\u00a0\u00bb _builder_version=\u00a0\u00bb4.4.0&Prime; width_tablet=\u00a0\u00bb\u00a0\u00bb width_phone=\u00a0\u00bb95%\u00a0\u00bb width_last_edited=\u00a0\u00bbon|phone\u00a0\u00bb max_width_tablet=\u00a0\u00bb\u00a0\u00bb max_width_phone=\u00a0\u00bb95%\u00a0\u00bb max_width_last_edited=\u00a0\u00bbon|phone\u00a0\u00bb module_alignment=\u00a0\u00bbcenter\u00a0\u00bb][et_pb_column type=\u00a0\u00bb1_3&Prime; _builder_version=\u00a0\u00bb4.4.0&Prime;][et_pb_text _builder_version=\u00a0\u00bb4.4.0&Prime; text_font=\u00a0\u00bbPoppins||||||||\u00a0\u00bb text_text_color=\u00a0\u00bb#ffffff\u00a0\u00bb header_2_font=\u00a0\u00bbPoppins||||||||\u00a0\u00bb header_2_text_color=\u00a0\u00bb#ffffff\u00a0\u00bb header_2_font_size=\u00a0\u00bb1.7vw\u00a0\u00bb width=\u00a0\u00bb95%\u00a0\u00bb custom_margin=\u00a0\u00bb||5px|||\u00a0\u00bb hover_enabled=\u00a0\u00bb0&Prime; header_2_font_size_tablet=\u00a0\u00bb\u00a0\u00bb header_2_font_size_phone=\u00a0\u00bb35px\u00a0\u00bb header_2_font_size_last_edited=\u00a0\u00bbon|phone\u00a0\u00bb header_2_font_size__hover_enabled=\u00a0\u00bboff|desktop\u00a0\u00bb]<\/p>\n<h2>Association<\/h2>\n<h2>R\u00e9gionale<\/h2>\n<h2>Professionnelle.<\/h2>\n<p>[\/et_pb_text][et_pb_divider divider_weight=\u00a0\u00bb2px\u00a0\u00bb disabled_on=\u00a0\u00bbon|on|off\u00a0\u00bb _builder_version=\u00a0\u00bb4.4.0&Prime; background_size=\u00a0\u00bbinitial\u00a0\u00bb background_position=\u00a0\u00bbtop_left\u00a0\u00bb background_repeat=\u00a0\u00bbrepeat\u00a0\u00bb max_width=\u00a0\u00bb40px\u00a0\u00bb module_alignment=\u00a0\u00bbleft\u00a0\u00bb custom_margin=\u00a0\u00bb||10px|\u00a0\u00bb animation_style=\u00a0\u00bbzoom\u00a0\u00bb animation_direction=\u00a0\u00bbleft\u00a0\u00bb saved_tabs=\u00a0\u00bball\u00a0\u00bb locked=\u00a0\u00bboff\u00a0\u00bb][\/et_pb_divider][\/et_pb_column][et_pb_column type=\u00a0\u00bb1_3&Prime; _builder_version=\u00a0\u00bb4.4.0&Prime;][et_pb_blurb title=\u00a0\u00bbLanguedoc-Roussillon Cin\u00e9ma\u00a0\u00bb url=\u00a0\u00bbhttp:\/\/www.languedoc-roussillon-cinema.fr\u00a0\u00bb image=\u00a0\u00bbhttp:\/\/filmenlanguedoc.com\/wp-content\/uploads\/2020\/03\/asso-region-languedoc.png\u00a0\u00bb icon_placement=\u00a0\u00bbleft\u00a0\u00bb image_max_width=\u00a0\u00bb64px\u00a0\u00bb content_max_width=\u00a0\u00bb1100px\u00a0\u00bb _builder_version=\u00a0\u00bb4.4.0&Prime; header_font=\u00a0\u00bbPoppins|700|||||||\u00a0\u00bb header_text_color=\u00a0\u00bb#000000&Prime; header_font_size=\u00a0\u00bb15px\u00a0\u00bb header_line_height=\u00a0\u00bb1.5em\u00a0\u00bb body_font=\u00a0\u00bbPoppins||||||||\u00a0\u00bb body_text_color=\u00a0\u00bb#7f7f7f\u00a0\u00bb body_font_size=\u00a0\u00bb12px\u00a0\u00bb body_line_height=\u00a0\u00bb1.9em\u00a0\u00bb background_color=\u00a0\u00bb#ffffff\u00a0\u00bb custom_margin=\u00a0\u00bb|||\u00a0\u00bb custom_padding=\u00a0\u00bb30px|30px|9px|30px|false|false\u00a0\u00bb animation_style=\u00a0\u00bbzoom\u00a0\u00bb animation_direction=\u00a0\u00bbbottom\u00a0\u00bb animation_intensity_zoom=\u00a0\u00bb20%\u00a0\u00bb animation_starting_opacity=\u00a0\u00bb100%\u00a0\u00bb link_option_url=\u00a0\u00bbhttp:\/\/www.languedoc-roussillon-cinema.fr\u00a0\u00bb body_text_color_last_edited=\u00a0\u00bboff|desktop\u00a0\u00bb border_color_all=\u00a0\u00bb#523fff\u00a0\u00bb box_shadow_style=\u00a0\u00bbpreset7&Prime; box_shadow_horizontal=\u00a0\u00bb-1px\u00a0\u00bb box_shadow_vertical=\u00a0\u00bb-1px\u00a0\u00bb box_shadow_color=\u00a0\u00bb#523fff\u00a0\u00bb locked=\u00a0\u00bboff\u00a0\u00bb background__hover_enabled=\u00a0\u00bbon|hover\u00a0\u00bb background_color__hover=\u00a0\u00bb#523fff\u00a0\u00bb background_enable_color__hover=\u00a0\u00bbon\u00a0\u00bb body_text_color__hover_enabled=\u00a0\u00bbon|hover\u00a0\u00bb body_text_color__hover=\u00a0\u00bb#ffffff\u00a0\u00bb header_text_color__hover_enabled=\u00a0\u00bbon|hover\u00a0\u00bb header_text_color__hover=\u00a0\u00bb#ffffff\u00a0\u00bb]<span class=\"orange\">L\u2019ADP<\/span><span>\u00a0Languedoc-Roussillon Cin\u00e9ma a pour vocation de promouvoir et favoriser le cin\u00e9ma et l&rsquo;audiovisuel sur l&rsquo;ensemble du territoire du Languedoc-Roussillon.<\/span>[\/et_pb_blurb][et_pb_blurb title=\u00a0\u00bbCoreps\u00a0\u00bb url=\u00a0\u00bbhttps:\/\/www.coreps-occitanie.fr\/\u00a0\u00bb image=\u00a0\u00bbhttp:\/\/filmenlanguedoc.com\/wp-content\/uploads\/2020\/03\/asso-region-languedoc.png\u00a0\u00bb icon_placement=\u00a0\u00bbleft\u00a0\u00bb image_max_width=\u00a0\u00bb64px\u00a0\u00bb content_max_width=\u00a0\u00bb1100px\u00a0\u00bb _builder_version=\u00a0\u00bb4.4.0&Prime; header_font=\u00a0\u00bbPoppins|700|||||||\u00a0\u00bb header_text_color=\u00a0\u00bb#000000&Prime; header_font_size=\u00a0\u00bb15px\u00a0\u00bb header_line_height=\u00a0\u00bb1.5em\u00a0\u00bb body_font=\u00a0\u00bbPoppins||||||||\u00a0\u00bb body_text_color=\u00a0\u00bb#7f7f7f\u00a0\u00bb body_font_size=\u00a0\u00bb12px\u00a0\u00bb body_line_height=\u00a0\u00bb1.9em\u00a0\u00bb background_color=\u00a0\u00bb#ffffff\u00a0\u00bb custom_margin=\u00a0\u00bb|||\u00a0\u00bb custom_padding=\u00a0\u00bb30px|30px|9px|30px|false|false\u00a0\u00bb animation_style=\u00a0\u00bbzoom\u00a0\u00bb animation_direction=\u00a0\u00bbbottom\u00a0\u00bb animation_intensity_zoom=\u00a0\u00bb20%\u00a0\u00bb animation_starting_opacity=\u00a0\u00bb100%\u00a0\u00bb link_option_url=\u00a0\u00bbhttps:\/\/www.coreps-occitanie.fr\/\u00a0\u00bb body_text_color_last_edited=\u00a0\u00bboff|desktop\u00a0\u00bb border_color_all=\u00a0\u00bb#523fff\u00a0\u00bb box_shadow_style=\u00a0\u00bbpreset7&Prime; box_shadow_horizontal=\u00a0\u00bb-1px\u00a0\u00bb box_shadow_vertical=\u00a0\u00bb-1px\u00a0\u00bb box_shadow_color=\u00a0\u00bb#523fff\u00a0\u00bb locked=\u00a0\u00bboff\u00a0\u00bb background__hover_enabled=\u00a0\u00bbon|hover\u00a0\u00bb background_color__hover=\u00a0\u00bb#523fff\u00a0\u00bb background_enable_color__hover=\u00a0\u00bbon\u00a0\u00bb body_text_color__hover_enabled=\u00a0\u00bbon|hover\u00a0\u00bb body_text_color__hover=\u00a0\u00bb#ffffff\u00a0\u00bb header_text_color__hover_enabled=\u00a0\u00bbon|hover\u00a0\u00bb header_text_color__hover=\u00a0\u00bb#ffffff\u00a0\u00bb]<\/p>\n<p><span>Le Coreps Occitanie est l&rsquo;instance de dialogue social r\u00e9gionale du secteur du spectacle vivant, du cin\u00e9ma et de l&rsquo;audiovisuel.\u00a0<\/span><\/p>\n<p>[\/et_pb_blurb][et_pb_blurb title=\u00a0\u00bbLes Monteurs associ\u00e9s\u00a0\u00bb url=\u00a0\u00bbhttps:\/\/monteursassocies.com\/\u00a0\u00bb image=\u00a0\u00bbhttp:\/\/filmenlanguedoc.com\/wp-content\/uploads\/2020\/03\/asso-region-languedoc.png\u00a0\u00bb icon_placement=\u00a0\u00bbleft\u00a0\u00bb image_max_width=\u00a0\u00bb64px\u00a0\u00bb content_max_width=\u00a0\u00bb1100px\u00a0\u00bb _builder_version=\u00a0\u00bb4.4.0&Prime; header_font=\u00a0\u00bbPoppins|700|||||||\u00a0\u00bb header_text_color=\u00a0\u00bb#000000&Prime; header_font_size=\u00a0\u00bb15px\u00a0\u00bb header_line_height=\u00a0\u00bb1.5em\u00a0\u00bb body_font=\u00a0\u00bbPoppins||||||||\u00a0\u00bb body_text_color=\u00a0\u00bb#7f7f7f\u00a0\u00bb body_font_size=\u00a0\u00bb12px\u00a0\u00bb body_line_height=\u00a0\u00bb1.9em\u00a0\u00bb background_color=\u00a0\u00bb#ffffff\u00a0\u00bb custom_margin=\u00a0\u00bb|||\u00a0\u00bb custom_padding=\u00a0\u00bb30px|30px|9px|30px|false|false\u00a0\u00bb animation_style=\u00a0\u00bbzoom\u00a0\u00bb animation_direction=\u00a0\u00bbbottom\u00a0\u00bb animation_intensity_zoom=\u00a0\u00bb20%\u00a0\u00bb animation_starting_opacity=\u00a0\u00bb100%\u00a0\u00bb link_option_url=\u00a0\u00bbhttps:\/\/monteursassocies.com\/\u00a0\u00bb body_text_color_last_edited=\u00a0\u00bboff|desktop\u00a0\u00bb border_color_all=\u00a0\u00bb#523fff\u00a0\u00bb box_shadow_style=\u00a0\u00bbpreset7&Prime; box_shadow_horizontal=\u00a0\u00bb-1px\u00a0\u00bb box_shadow_vertical=\u00a0\u00bb-1px\u00a0\u00bb box_shadow_color=\u00a0\u00bb#523fff\u00a0\u00bb locked=\u00a0\u00bboff\u00a0\u00bb background__hover_enabled=\u00a0\u00bbon|hover\u00a0\u00bb background_color__hover=\u00a0\u00bb#523fff\u00a0\u00bb background_enable_color__hover=\u00a0\u00bbon\u00a0\u00bb body_text_color__hover_enabled=\u00a0\u00bbon|hover\u00a0\u00bb body_text_color__hover=\u00a0\u00bb#ffffff\u00a0\u00bb header_text_color__hover_enabled=\u00a0\u00bbon|hover\u00a0\u00bb header_text_color__hover=\u00a0\u00bb#ffffff\u00a0\u00bb]<\/p>\n<p><span>L\u2019association rassemble monteurs et monteurs son, du cin\u00e9ma et de l\u2019audiovisuel, travaillant aussi bien pour des films de fiction que des docu\u00admen\u00adtaires, magazines.<\/span><\/p>\n<p>[\/et_pb_blurb][et_pb_blurb title=\u00a0\u00bbProduction T\u00e9-V\u00e8-OC\u00a0\u00bb url=\u00a0\u00bbhttp:\/\/www.teveoc.com\/\u00a0\u00bb image=\u00a0\u00bbhttp:\/\/filmenlanguedoc.com\/wp-content\/uploads\/2020\/03\/asso-region-languedoc.png\u00a0\u00bb icon_placement=\u00a0\u00bbleft\u00a0\u00bb image_max_width=\u00a0\u00bb64px\u00a0\u00bb content_max_width=\u00a0\u00bb1100px\u00a0\u00bb _builder_version=\u00a0\u00bb4.4.0&Prime; header_font=\u00a0\u00bbPoppins|700|||||||\u00a0\u00bb header_text_color=\u00a0\u00bb#000000&Prime; header_font_size=\u00a0\u00bb15px\u00a0\u00bb header_line_height=\u00a0\u00bb1.5em\u00a0\u00bb body_font=\u00a0\u00bbPoppins||||||||\u00a0\u00bb body_text_color=\u00a0\u00bb#7f7f7f\u00a0\u00bb body_font_size=\u00a0\u00bb12px\u00a0\u00bb body_line_height=\u00a0\u00bb1.9em\u00a0\u00bb background_color=\u00a0\u00bb#ffffff\u00a0\u00bb custom_margin=\u00a0\u00bb|||\u00a0\u00bb custom_padding=\u00a0\u00bb30px|30px|9px|30px||\u00a0\u00bb animation_style=\u00a0\u00bbzoom\u00a0\u00bb animation_direction=\u00a0\u00bbbottom\u00a0\u00bb animation_intensity_zoom=\u00a0\u00bb20%\u00a0\u00bb animation_starting_opacity=\u00a0\u00bb100%\u00a0\u00bb link_option_url=\u00a0\u00bbhttp:\/\/www.teveoc.com\/\u00a0\u00bb hover_enabled=\u00a0\u00bb0&Prime; body_text_color_last_edited=\u00a0\u00bboff|desktop\u00a0\u00bb box_shadow_style=\u00a0\u00bbpreset7&Prime; box_shadow_horizontal=\u00a0\u00bb-1px\u00a0\u00bb box_shadow_vertical=\u00a0\u00bb-1px\u00a0\u00bb box_shadow_color=\u00a0\u00bb#523fff\u00a0\u00bb locked=\u00a0\u00bboff\u00a0\u00bb background__hover_enabled=\u00a0\u00bbon|hover\u00a0\u00bb background_color__hover=\u00a0\u00bb#523fff\u00a0\u00bb background_enable_color__hover=\u00a0\u00bbon\u00a0\u00bb body_text_color__hover_enabled=\u00a0\u00bbon|hover\u00a0\u00bb body_text_color__hover=\u00a0\u00bb#ffffff\u00a0\u00bb header_text_color__hover_enabled=\u00a0\u00bbon|hover\u00a0\u00bb header_text_color__hover=\u00a0\u00bb#ffffff\u00a0\u00bb]<\/p>\n<p><span>Depuis 2007, l&rsquo;\u00e9quipe a acquis une exp\u00e9rience dans le domaine audiovisuel et une connaissance du terrain qui lui ont donn\u00e9 envie de d\u00e9velopper une t\u00e9l\u00e9 tout en occitan.<\/span><\/p>\n<p>[\/et_pb_blurb][\/et_pb_column][et_pb_column type=\u00a0\u00bb1_3&Prime; _builder_version=\u00a0\u00bb4.4.0&Prime;][et_pb_blurb title=\u00a0\u00bbReal En R\u00e9gion Occitanie\u00a0\u00bb url=\u00a0\u00bbhttp:\/\/www.languedoc-roussillon-cinema.fr\u00a0\u00bb image=\u00a0\u00bbhttp:\/\/filmenlanguedoc.com\/wp-content\/uploads\/2020\/03\/asso-region-languedoc.png\u00a0\u00bb icon_placement=\u00a0\u00bbleft\u00a0\u00bb image_max_width=\u00a0\u00bb64px\u00a0\u00bb content_max_width=\u00a0\u00bb1100px\u00a0\u00bb _builder_version=\u00a0\u00bb4.4.0&Prime; header_font=\u00a0\u00bbPoppins|700|||||||\u00a0\u00bb header_text_color=\u00a0\u00bb#000000&Prime; header_font_size=\u00a0\u00bb15px\u00a0\u00bb header_line_height=\u00a0\u00bb1.5em\u00a0\u00bb body_font=\u00a0\u00bbPoppins||||||||\u00a0\u00bb body_text_color=\u00a0\u00bb#7f7f7f\u00a0\u00bb body_font_size=\u00a0\u00bb12px\u00a0\u00bb body_line_height=\u00a0\u00bb1.9em\u00a0\u00bb background_color=\u00a0\u00bb#ffffff\u00a0\u00bb custom_margin=\u00a0\u00bb|||\u00a0\u00bb custom_padding=\u00a0\u00bb30px|30px|9px|30px|false|false\u00a0\u00bb animation_style=\u00a0\u00bbzoom\u00a0\u00bb animation_direction=\u00a0\u00bbbottom\u00a0\u00bb animation_intensity_zoom=\u00a0\u00bb20%\u00a0\u00bb animation_starting_opacity=\u00a0\u00bb100%\u00a0\u00bb link_option_url=\u00a0\u00bbhttp:\/\/www.languedoc-roussillon-cinema.fr\u00a0\u00bb body_text_color_last_edited=\u00a0\u00bboff|desktop\u00a0\u00bb border_color_all=\u00a0\u00bb#523fff\u00a0\u00bb box_shadow_style=\u00a0\u00bbpreset7&Prime; box_shadow_horizontal=\u00a0\u00bb-1px\u00a0\u00bb box_shadow_vertical=\u00a0\u00bb-1px\u00a0\u00bb box_shadow_color=\u00a0\u00bb#523fff\u00a0\u00bb locked=\u00a0\u00bboff\u00a0\u00bb background__hover_enabled=\u00a0\u00bbon|hover\u00a0\u00bb background_color__hover=\u00a0\u00bb#523fff\u00a0\u00bb background_enable_color__hover=\u00a0\u00bbon\u00a0\u00bb body_text_color__hover_enabled=\u00a0\u00bbon|hover\u00a0\u00bb body_text_color__hover=\u00a0\u00bb#ffffff\u00a0\u00bb header_text_color__hover_enabled=\u00a0\u00bbon|hover\u00a0\u00bb header_text_color__hover=\u00a0\u00bb#ffffff\u00a0\u00bb]<span class=\"orange\">L\u2019ADP<\/span><span>\u00a0Languedoc-Roussillon Cin\u00e9ma a pour vocation de promouvoir et favoriser le cin\u00e9ma et l&rsquo;audiovisuel sur l&rsquo;ensemble du territoire du Languedoc-Roussillon.<\/span>[\/et_pb_blurb][et_pb_blurb title=\u00a0\u00bbLigue des Producteurs Extraordinaires du Languedoc-Roussillon\u00a0\u00bb url=\u00a0\u00bbhttp:\/\/lpelr.over-blog.com\/\u00a0\u00bb image=\u00a0\u00bbhttp:\/\/filmenlanguedoc.com\/wp-content\/uploads\/2020\/03\/asso-region-languedoc.png\u00a0\u00bb icon_placement=\u00a0\u00bbleft\u00a0\u00bb image_max_width=\u00a0\u00bb64px\u00a0\u00bb content_max_width=\u00a0\u00bb1100px\u00a0\u00bb _builder_version=\u00a0\u00bb4.4.0&Prime; header_font=\u00a0\u00bbPoppins|700|||||||\u00a0\u00bb header_text_color=\u00a0\u00bb#000000&Prime; header_font_size=\u00a0\u00bb15px\u00a0\u00bb header_line_height=\u00a0\u00bb1.5em\u00a0\u00bb body_font=\u00a0\u00bbPoppins||||||||\u00a0\u00bb body_text_color=\u00a0\u00bb#7f7f7f\u00a0\u00bb body_font_size=\u00a0\u00bb12px\u00a0\u00bb body_line_height=\u00a0\u00bb1.9em\u00a0\u00bb background_color=\u00a0\u00bb#ffffff\u00a0\u00bb custom_margin=\u00a0\u00bb|||\u00a0\u00bb custom_padding=\u00a0\u00bb30px|30px|9px|30px|false|false\u00a0\u00bb animation_style=\u00a0\u00bbzoom\u00a0\u00bb animation_direction=\u00a0\u00bbbottom\u00a0\u00bb animation_intensity_zoom=\u00a0\u00bb20%\u00a0\u00bb animation_starting_opacity=\u00a0\u00bb100%\u00a0\u00bb link_option_url=\u00a0\u00bbhttp:\/\/lpelr.over-blog.com\/\u00a0\u00bb body_text_color_last_edited=\u00a0\u00bboff|desktop\u00a0\u00bb border_color_all=\u00a0\u00bb#523fff\u00a0\u00bb box_shadow_style=\u00a0\u00bbpreset7&Prime; box_shadow_horizontal=\u00a0\u00bb-1px\u00a0\u00bb box_shadow_vertical=\u00a0\u00bb-1px\u00a0\u00bb box_shadow_color=\u00a0\u00bb#523fff\u00a0\u00bb locked=\u00a0\u00bboff\u00a0\u00bb background__hover_enabled=\u00a0\u00bbon|hover\u00a0\u00bb background_color__hover=\u00a0\u00bb#523fff\u00a0\u00bb background_enable_color__hover=\u00a0\u00bbon\u00a0\u00bb body_text_color__hover_enabled=\u00a0\u00bbon|hover\u00a0\u00bb body_text_color__hover=\u00a0\u00bb#ffffff\u00a0\u00bb header_text_color__hover_enabled=\u00a0\u00bbon|hover\u00a0\u00bb header_text_color__hover=\u00a0\u00bb#ffffff\u00a0\u00bb][\/et_pb_blurb][et_pb_blurb title=\u00a0\u00bbRendez-vous Focus\u00a0\u00bb url=\u00a0\u00bbhttp:\/\/www.rdvfocus.com\/\u00a0\u00bb image=\u00a0\u00bbhttp:\/\/filmenlanguedoc.com\/wp-content\/uploads\/2020\/03\/asso-region-languedoc.png\u00a0\u00bb icon_placement=\u00a0\u00bbleft\u00a0\u00bb image_max_width=\u00a0\u00bb64px\u00a0\u00bb content_max_width=\u00a0\u00bb1100px\u00a0\u00bb _builder_version=\u00a0\u00bb4.4.0&Prime; header_font=\u00a0\u00bbPoppins|700|||||||\u00a0\u00bb header_text_color=\u00a0\u00bb#000000&Prime; header_font_size=\u00a0\u00bb15px\u00a0\u00bb header_line_height=\u00a0\u00bb1.5em\u00a0\u00bb body_font=\u00a0\u00bbPoppins||||||||\u00a0\u00bb body_text_color=\u00a0\u00bb#7f7f7f\u00a0\u00bb body_font_size=\u00a0\u00bb12px\u00a0\u00bb body_line_height=\u00a0\u00bb1.9em\u00a0\u00bb background_color=\u00a0\u00bb#ffffff\u00a0\u00bb custom_margin=\u00a0\u00bb|||\u00a0\u00bb custom_padding=\u00a0\u00bb30px|30px|9px|30px|false|false\u00a0\u00bb animation_style=\u00a0\u00bbzoom\u00a0\u00bb animation_direction=\u00a0\u00bbbottom\u00a0\u00bb animation_intensity_zoom=\u00a0\u00bb20%\u00a0\u00bb animation_starting_opacity=\u00a0\u00bb100%\u00a0\u00bb link_option_url=\u00a0\u00bbhttp:\/\/www.rdvfocus.com\/\u00a0\u00bb body_text_color_last_edited=\u00a0\u00bboff|desktop\u00a0\u00bb border_color_all=\u00a0\u00bb#523fff\u00a0\u00bb box_shadow_style=\u00a0\u00bbpreset7&Prime; box_shadow_horizontal=\u00a0\u00bb-1px\u00a0\u00bb box_shadow_vertical=\u00a0\u00bb-1px\u00a0\u00bb box_shadow_color=\u00a0\u00bb#523fff\u00a0\u00bb locked=\u00a0\u00bboff\u00a0\u00bb background__hover_enabled=\u00a0\u00bbon|hover\u00a0\u00bb background_color__hover=\u00a0\u00bb#523fff\u00a0\u00bb background_enable_color__hover=\u00a0\u00bbon\u00a0\u00bb body_text_color__hover_enabled=\u00a0\u00bbon|hover\u00a0\u00bb body_text_color__hover=\u00a0\u00bb#ffffff\u00a0\u00bb header_text_color__hover_enabled=\u00a0\u00bbon|hover\u00a0\u00bb header_text_color__hover=\u00a0\u00bb#ffffff\u00a0\u00bb]<\/p>\n<p><span>Rendez-vous pour les professionnels du Cin\u00e9ma et de l&rsquo;Audiovisuel. Ces soir\u00e9es mensuelles permettent de se rencontrer et d&rsquo;\u00e9changer dans un cadre informel et convivial.\u00a0<\/span><\/p>\n<p>[\/et_pb_blurb][et_pb_blurb title=\u00a0\u00bbMIDI FILM\u00a0\u00bb url=\u00a0\u00bbhttps:\/\/www.midifilm.org\/\u00a0\u00bb image=\u00a0\u00bbhttp:\/\/filmenlanguedoc.com\/wp-content\/uploads\/2020\/03\/asso-region-languedoc.png\u00a0\u00bb icon_placement=\u00a0\u00bbleft\u00a0\u00bb image_max_width=\u00a0\u00bb64px\u00a0\u00bb content_max_width=\u00a0\u00bb1100px\u00a0\u00bb _builder_version=\u00a0\u00bb4.4.0&Prime; header_font=\u00a0\u00bbPoppins|700|||||||\u00a0\u00bb header_text_color=\u00a0\u00bb#000000&Prime; header_font_size=\u00a0\u00bb15px\u00a0\u00bb header_line_height=\u00a0\u00bb1.5em\u00a0\u00bb body_font=\u00a0\u00bbPoppins||||||||\u00a0\u00bb body_text_color=\u00a0\u00bb#7f7f7f\u00a0\u00bb body_font_size=\u00a0\u00bb12px\u00a0\u00bb body_line_height=\u00a0\u00bb1.9em\u00a0\u00bb background_color=\u00a0\u00bb#ffffff\u00a0\u00bb custom_margin=\u00a0\u00bb|||\u00a0\u00bb custom_padding=\u00a0\u00bb30px|30px|9px|30px|false|false\u00a0\u00bb animation_style=\u00a0\u00bbzoom\u00a0\u00bb animation_direction=\u00a0\u00bbbottom\u00a0\u00bb animation_intensity_zoom=\u00a0\u00bb20%\u00a0\u00bb animation_starting_opacity=\u00a0\u00bb100%\u00a0\u00bb link_option_url=\u00a0\u00bbhttps:\/\/www.midifilm.org\/\u00a0\u00bb body_text_color_last_edited=\u00a0\u00bboff|desktop\u00a0\u00bb border_color_all=\u00a0\u00bb#523fff\u00a0\u00bb box_shadow_style=\u00a0\u00bbpreset7&Prime; box_shadow_horizontal=\u00a0\u00bb-1px\u00a0\u00bb box_shadow_vertical=\u00a0\u00bb-1px\u00a0\u00bb box_shadow_color=\u00a0\u00bb#523fff\u00a0\u00bb locked=\u00a0\u00bboff\u00a0\u00bb background__hover_enabled=\u00a0\u00bbon|hover\u00a0\u00bb background_color__hover=\u00a0\u00bb#523fff\u00a0\u00bb background_enable_color__hover=\u00a0\u00bbon\u00a0\u00bb body_text_color__hover_enabled=\u00a0\u00bbon|hover\u00a0\u00bb body_text_color__hover=\u00a0\u00bb#ffffff\u00a0\u00bb header_text_color__hover_enabled=\u00a0\u00bbon|hover\u00a0\u00bb header_text_color__hover=\u00a0\u00bb#ffffff\u00a0\u00bb]<\/p>\n<p><span>Association des professionnels du cin\u00e9ma et de l&rsquo;audiovisuel en r\u00e9gion Occitanie : sc\u00e9naristes, r\u00e9alisateurs et techniciens.<\/span><\/p>\n<p>[\/et_pb_blurb][\/et_pb_column][\/et_pb_row][\/et_pb_section][et_pb_section fb_built=\u00a0\u00bb1&Prime; _builder_version=\u00a0\u00bb4.4.0&Prime; background_color=\u00a0\u00bb#ffffff\u00a0\u00bb][et_pb_row column_structure=\u00a0\u00bb1_3,1_3,1_3&Prime; use_custom_gutter=\u00a0\u00bbon\u00a0\u00bb gutter_width=\u00a0\u00bb1&Prime; make_equal=\u00a0\u00bbon\u00a0\u00bb _builder_version=\u00a0\u00bb4.4.0&Prime; width_tablet=\u00a0\u00bb\u00a0\u00bb width_phone=\u00a0\u00bb95%\u00a0\u00bb width_last_edited=\u00a0\u00bbon|phone\u00a0\u00bb max_width_tablet=\u00a0\u00bb\u00a0\u00bb max_width_phone=\u00a0\u00bb95%\u00a0\u00bb max_width_last_edited=\u00a0\u00bbon|phone\u00a0\u00bb module_alignment=\u00a0\u00bbcenter\u00a0\u00bb][et_pb_column type=\u00a0\u00bb1_3&Prime; _builder_version=\u00a0\u00bb4.4.0&Prime;][et_pb_text _builder_version=\u00a0\u00bb4.4.0&Prime; text_font=\u00a0\u00bbPoppins||||||||\u00a0\u00bb text_text_color=\u00a0\u00bb#ffffff\u00a0\u00bb header_font_size=\u00a0\u00bb1.7vw\u00a0\u00bb header_2_font=\u00a0\u00bbPoppins||||||||\u00a0\u00bb header_2_text_color=\u00a0\u00bb#523fff\u00a0\u00bb header_2_font_size=\u00a0\u00bb1.7vw\u00a0\u00bb width=\u00a0\u00bb95%\u00a0\u00bb custom_margin=\u00a0\u00bb||5px|||\u00a0\u00bb header_2_font_size_tablet=\u00a0\u00bb\u00a0\u00bb header_2_font_size_phone=\u00a0\u00bb35px\u00a0\u00bb header_2_font_size_last_edited=\u00a0\u00bbon|phone\u00a0\u00bb header_2_font_size__hover_enabled=\u00a0\u00bboff|desktop\u00a0\u00bb]<\/p>\n<h2>Ressource<span style=\"font-size: 14px; color: #ffffff;\">\u00a0<\/span><\/h2>\n<p>[\/et_pb_text][et_pb_divider color=\u00a0\u00bb#523fff\u00a0\u00bb divider_weight=\u00a0\u00bb2px\u00a0\u00bb disabled_on=\u00a0\u00bbon|on|off\u00a0\u00bb _builder_version=\u00a0\u00bb4.4.0&Prime; background_size=\u00a0\u00bbinitial\u00a0\u00bb background_position=\u00a0\u00bbtop_left\u00a0\u00bb background_repeat=\u00a0\u00bbrepeat\u00a0\u00bb max_width=\u00a0\u00bb40px\u00a0\u00bb module_alignment=\u00a0\u00bbleft\u00a0\u00bb custom_margin=\u00a0\u00bb||10px|\u00a0\u00bb animation_style=\u00a0\u00bbzoom\u00a0\u00bb animation_direction=\u00a0\u00bbleft\u00a0\u00bb saved_tabs=\u00a0\u00bball\u00a0\u00bb locked=\u00a0\u00bboff\u00a0\u00bb][\/et_pb_divider][\/et_pb_column][et_pb_column type=\u00a0\u00bb1_3&Prime; _builder_version=\u00a0\u00bb4.4.0&Prime;][et_pb_blurb title=\u00a0\u00bbCin\u00e9loc\u00a0\u00bb url=\u00a0\u00bbhttps:\/\/www.cinelocmontpellier.com\/\u00a0\u00bb image=\u00a0\u00bbhttp:\/\/filmenlanguedoc.com\/wp-content\/uploads\/2020\/03\/ressource-languedoc-1.png\u00a0\u00bb icon_placement=\u00a0\u00bbleft\u00a0\u00bb image_max_width=\u00a0\u00bb64px\u00a0\u00bb content_max_width=\u00a0\u00bb1100px\u00a0\u00bb _builder_version=\u00a0\u00bb4.4.0&Prime; header_font=\u00a0\u00bbPoppins|700|||||||\u00a0\u00bb header_text_color=\u00a0\u00bb#ffffff\u00a0\u00bb header_font_size=\u00a0\u00bb15px\u00a0\u00bb header_line_height=\u00a0\u00bb1.5em\u00a0\u00bb body_font=\u00a0\u00bbPoppins||||||||\u00a0\u00bb body_text_color=\u00a0\u00bb#ffffff\u00a0\u00bb body_font_size=\u00a0\u00bb12px\u00a0\u00bb body_line_height=\u00a0\u00bb1.9em\u00a0\u00bb background_color=\u00a0\u00bb#523fff\u00a0\u00bb custom_margin=\u00a0\u00bb|||\u00a0\u00bb custom_padding=\u00a0\u00bb17px|30px|18px|30px|false|false\u00a0\u00bb animation_style=\u00a0\u00bbzoom\u00a0\u00bb animation_direction=\u00a0\u00bbbottom\u00a0\u00bb animation_intensity_zoom=\u00a0\u00bb20%\u00a0\u00bb animation_starting_opacity=\u00a0\u00bb100%\u00a0\u00bb link_option_url=\u00a0\u00bbhttps:\/\/www.cinelocmontpellier.com\/\u00a0\u00bb body_text_color_last_edited=\u00a0\u00bboff|desktop\u00a0\u00bb border_color_all=\u00a0\u00bb#523fff\u00a0\u00bb box_shadow_style=\u00a0\u00bbpreset7&Prime; box_shadow_horizontal=\u00a0\u00bb-1px\u00a0\u00bb box_shadow_vertical=\u00a0\u00bb-1px\u00a0\u00bb box_shadow_color=\u00a0\u00bb#ffffff\u00a0\u00bb locked=\u00a0\u00bboff\u00a0\u00bb background__hover_enabled=\u00a0\u00bbon|desktop\u00a0\u00bb background_color__hover=\u00a0\u00bb#f9f9f9&Prime; background_enable_color__hover=\u00a0\u00bbon\u00a0\u00bb body_text_color__hover_enabled=\u00a0\u00bbon|hover\u00a0\u00bb body_text_color__hover=\u00a0\u00bb#523fff\u00a0\u00bb header_text_color__hover_enabled=\u00a0\u00bbon|hover\u00a0\u00bb header_text_color__hover=\u00a0\u00bb#523fff\u00a0\u00bb]<\/p>\n<p><span>Cineloc Montpellier est une entreprise de location de mat\u00e9riel audiovisuel bas\u00e9e \u00e0 Montpellier. Notre parc de mat\u00e9riel actuel est en perp\u00e9tuelle \u00e9volution.<\/span><\/p>\n<p>[\/et_pb_blurb][\/et_pb_column][et_pb_column type=\u00a0\u00bb1_3&Prime; _builder_version=\u00a0\u00bb4.4.0&Prime;][\/et_pb_column][\/et_pb_row][\/et_pb_section][et_pb_section fb_built=\u00a0\u00bb1&Prime; _builder_version=\u00a0\u00bb4.4.0&Prime; background_color=\u00a0\u00bb#523fff\u00a0\u00bb custom_padding=\u00a0\u00bb||146px|||\u00a0\u00bb][et_pb_row column_structure=\u00a0\u00bb1_3,1_3,1_3&Prime; use_custom_gutter=\u00a0\u00bbon\u00a0\u00bb gutter_width=\u00a0\u00bb1&Prime; make_equal=\u00a0\u00bbon\u00a0\u00bb _builder_version=\u00a0\u00bb4.4.0&Prime; width_tablet=\u00a0\u00bb\u00a0\u00bb width_phone=\u00a0\u00bb95%\u00a0\u00bb width_last_edited=\u00a0\u00bbon|phone\u00a0\u00bb module_alignment=\u00a0\u00bbcenter\u00a0\u00bb][et_pb_column type=\u00a0\u00bb1_3&Prime; _builder_version=\u00a0\u00bb4.4.0&Prime;][et_pb_text _builder_version=\u00a0\u00bb4.4.0&Prime; text_font=\u00a0\u00bbPoppins||||||||\u00a0\u00bb text_text_color=\u00a0\u00bb#ffffff\u00a0\u00bb header_2_font=\u00a0\u00bbPoppins||||||||\u00a0\u00bb header_2_text_color=\u00a0\u00bb#ffffff\u00a0\u00bb header_2_font_size=\u00a0\u00bb1.7vw\u00a0\u00bb width=\u00a0\u00bb100%\u00a0\u00bb max_width=\u00a0\u00bb100%\u00a0\u00bb max_width_tablet=\u00a0\u00bb\u00a0\u00bb max_width_phone=\u00a0\u00bb\u00a0\u00bb max_width_last_edited=\u00a0\u00bbon|desktop\u00a0\u00bb custom_margin=\u00a0\u00bb||||false|false\u00a0\u00bb custom_padding=\u00a0\u00bb||||false|false\u00a0\u00bb hover_enabled=\u00a0\u00bb0&Prime; header_2_font_size_tablet=\u00a0\u00bb\u00a0\u00bb header_2_font_size_phone=\u00a0\u00bb35px\u00a0\u00bb header_2_font_size_last_edited=\u00a0\u00bbon|phone\u00a0\u00bb header_2_font_size__hover_enabled=\u00a0\u00bboff|hover\u00a0\u00bb]<\/p>\n<h2>Association<\/h2>\n<h2>Nationale<\/h2>\n<h2>Professionnelle.<\/h2>\n<p>[\/et_pb_text][et_pb_divider divider_weight=\u00a0\u00bb2px\u00a0\u00bb disabled_on=\u00a0\u00bbon|on|off\u00a0\u00bb _builder_version=\u00a0\u00bb4.4.0&Prime; background_size=\u00a0\u00bbinitial\u00a0\u00bb background_position=\u00a0\u00bbtop_left\u00a0\u00bb background_repeat=\u00a0\u00bbrepeat\u00a0\u00bb max_width=\u00a0\u00bb40px\u00a0\u00bb module_alignment=\u00a0\u00bbleft\u00a0\u00bb custom_margin=\u00a0\u00bb||10px|\u00a0\u00bb animation_style=\u00a0\u00bbzoom\u00a0\u00bb animation_direction=\u00a0\u00bbleft\u00a0\u00bb saved_tabs=\u00a0\u00bball\u00a0\u00bb locked=\u00a0\u00bboff\u00a0\u00bb][\/et_pb_divider][\/et_pb_column][et_pb_column type=\u00a0\u00bb1_3&Prime; _builder_version=\u00a0\u00bb4.4.0&Prime;][et_pb_blurb title=\u00a0\u00bbAssociation Fran\u00e7aise des Directeurs de Production\u00a0\u00bb url=\u00a0\u00bbhttp:\/\/www.directeurdeproduction.com\/qui.php\u00a0\u00bb image=\u00a0\u00bbhttp:\/\/filmenlanguedoc.com\/wp-content\/uploads\/2020\/03\/asso-pro-v2-film-languedoc.png\u00a0\u00bb icon_placement=\u00a0\u00bbleft\u00a0\u00bb image_max_width=\u00a0\u00bb64px\u00a0\u00bb _builder_version=\u00a0\u00bb4.4.0&Prime; header_font=\u00a0\u00bbPoppins|700|||||||\u00a0\u00bb header_text_color=\u00a0\u00bb#000000&Prime; header_font_size=\u00a0\u00bb15px\u00a0\u00bb header_line_height=\u00a0\u00bb1.5em\u00a0\u00bb body_font=\u00a0\u00bbPoppins||||||||\u00a0\u00bb body_text_color=\u00a0\u00bb#7f7f7f\u00a0\u00bb body_font_size=\u00a0\u00bb12px\u00a0\u00bb body_line_height=\u00a0\u00bb1.9em\u00a0\u00bb background_color=\u00a0\u00bb#ffffff\u00a0\u00bb width=\u00a0\u00bb100%\u00a0\u00bb max_width=\u00a0\u00bb100%\u00a0\u00bb custom_margin=\u00a0\u00bb||||false|false\u00a0\u00bb custom_padding=\u00a0\u00bb30px|30px|9px|30px|false|false\u00a0\u00bb animation_style=\u00a0\u00bbzoom\u00a0\u00bb animation_direction=\u00a0\u00bbbottom\u00a0\u00bb animation_intensity_zoom=\u00a0\u00bb20%\u00a0\u00bb animation_starting_opacity=\u00a0\u00bb100%\u00a0\u00bb link_option_url=\u00a0\u00bbhttp:\/\/www.directeurdeproduction.com\/qui.php\u00a0\u00bb body_text_color_last_edited=\u00a0\u00bboff|desktop\u00a0\u00bb border_color_all=\u00a0\u00bb#523fff\u00a0\u00bb box_shadow_style=\u00a0\u00bbpreset7&Prime; box_shadow_horizontal=\u00a0\u00bb-1px\u00a0\u00bb box_shadow_vertical=\u00a0\u00bb-1px\u00a0\u00bb box_shadow_color=\u00a0\u00bb#523fff\u00a0\u00bb locked=\u00a0\u00bboff\u00a0\u00bb background__hover_enabled=\u00a0\u00bbon|hover\u00a0\u00bb background_color__hover=\u00a0\u00bb#523fff\u00a0\u00bb background_enable_color__hover=\u00a0\u00bbon\u00a0\u00bb body_text_color__hover_enabled=\u00a0\u00bbon|hover\u00a0\u00bb body_text_color__hover=\u00a0\u00bb#ffffff\u00a0\u00bb header_text_color__hover_enabled=\u00a0\u00bbon|hover\u00a0\u00bb header_text_color__hover=\u00a0\u00bb#ffffff\u00a0\u00bb]<\/p>\n<p><span class=\"orange\">L\u2019ADP<\/span><span>\u00a0(Association des Directeurs de Productions) existe depuis 1986 et regroupe l\u2019essentiel de la profession en France.<\/span><\/p>\n<p>[\/et_pb_blurb][et_pb_blurb title=\u00a0\u00bbAssociation des rep\u00e9reurs de cin\u00e9ma\u00a0\u00bb url=\u00a0\u00bbhttp:\/\/www.arc-cinema.fr\/\u00a0\u00bb image=\u00a0\u00bbhttp:\/\/filmenlanguedoc.com\/wp-content\/uploads\/2020\/03\/asso-pro-v2-film-languedoc-1.png\u00a0\u00bb icon_placement=\u00a0\u00bbleft\u00a0\u00bb image_max_width=\u00a0\u00bb64px\u00a0\u00bb content_max_width=\u00a0\u00bb1100px\u00a0\u00bb _builder_version=\u00a0\u00bb4.4.0&Prime; header_font=\u00a0\u00bbPoppins|700|||||||\u00a0\u00bb header_text_color=\u00a0\u00bb#000000&Prime; header_font_size=\u00a0\u00bb15px\u00a0\u00bb header_line_height=\u00a0\u00bb1.5em\u00a0\u00bb body_font=\u00a0\u00bbPoppins||||||||\u00a0\u00bb body_text_color=\u00a0\u00bb#7f7f7f\u00a0\u00bb body_font_size=\u00a0\u00bb12px\u00a0\u00bb body_line_height=\u00a0\u00bb1.9em\u00a0\u00bb background_color=\u00a0\u00bb#ffffff\u00a0\u00bb custom_margin=\u00a0\u00bb|||\u00a0\u00bb custom_padding=\u00a0\u00bb30px|30px|9px|30px|false|false\u00a0\u00bb animation_style=\u00a0\u00bbzoom\u00a0\u00bb animation_direction=\u00a0\u00bbbottom\u00a0\u00bb animation_intensity_zoom=\u00a0\u00bb20%\u00a0\u00bb animation_starting_opacity=\u00a0\u00bb100%\u00a0\u00bb link_option_url=\u00a0\u00bbhttp:\/\/www.arc-cinema.fr\/\u00a0\u00bb body_text_color_last_edited=\u00a0\u00bboff|desktop\u00a0\u00bb border_color_all=\u00a0\u00bb#523fff\u00a0\u00bb box_shadow_style=\u00a0\u00bbpreset7&Prime; box_shadow_horizontal=\u00a0\u00bb-1px\u00a0\u00bb box_shadow_vertical=\u00a0\u00bb-1px\u00a0\u00bb box_shadow_color=\u00a0\u00bb#523fff\u00a0\u00bb locked=\u00a0\u00bboff\u00a0\u00bb background__hover_enabled=\u00a0\u00bbon|hover\u00a0\u00bb background_color__hover=\u00a0\u00bb#523fff\u00a0\u00bb background_enable_color__hover=\u00a0\u00bbon\u00a0\u00bb body_text_color__hover_enabled=\u00a0\u00bbon|hover\u00a0\u00bb body_text_color__hover=\u00a0\u00bb#ffffff\u00a0\u00bb header_text_color__hover_enabled=\u00a0\u00bbon|hover\u00a0\u00bb header_text_color__hover=\u00a0\u00bb#ffffff\u00a0\u00bb]<\/p>\n<p><span><em>Arc<\/em>&#8211;<em>cin\u00e9ma<\/em>\u00a0est d\u00e9di\u00e9 au monde du septi\u00e8me art et de l&rsquo;audiovisuel. Parcourez notre site avec votre objectif, en petit ou grand \u00e9cran.<\/span><\/p>\n<p>[\/et_pb_blurb][et_pb_blurb title=\u00a0\u00bbAssociation Fran\u00e7aise des Assistants &#8211; R\u00e9alisateurs\u00a0\u00bb url=\u00a0\u00bbhttps:\/\/www.afar-fiction.com\/\u00a0\u00bb image=\u00a0\u00bbhttp:\/\/filmenlanguedoc.com\/wp-content\/uploads\/2020\/03\/asso-pro-v2-film-languedoc-1.png\u00a0\u00bb icon_placement=\u00a0\u00bbleft\u00a0\u00bb image_max_width=\u00a0\u00bb64px\u00a0\u00bb content_max_width=\u00a0\u00bb1100px\u00a0\u00bb _builder_version=\u00a0\u00bb4.4.0&Prime; header_font=\u00a0\u00bbPoppins|700|||||||\u00a0\u00bb header_text_color=\u00a0\u00bb#000000&Prime; header_font_size=\u00a0\u00bb15px\u00a0\u00bb header_line_height=\u00a0\u00bb1.5em\u00a0\u00bb body_font=\u00a0\u00bbPoppins||||||||\u00a0\u00bb body_text_color=\u00a0\u00bb#7f7f7f\u00a0\u00bb body_font_size=\u00a0\u00bb12px\u00a0\u00bb body_line_height=\u00a0\u00bb1.9em\u00a0\u00bb background_color=\u00a0\u00bb#ffffff\u00a0\u00bb custom_margin=\u00a0\u00bb||||false|false\u00a0\u00bb custom_padding=\u00a0\u00bb30px|30px|20px|30px||\u00a0\u00bb animation_style=\u00a0\u00bbzoom\u00a0\u00bb animation_direction=\u00a0\u00bbbottom\u00a0\u00bb animation_intensity_zoom=\u00a0\u00bb20%\u00a0\u00bb animation_starting_opacity=\u00a0\u00bb100%\u00a0\u00bb link_option_url=\u00a0\u00bbhttps:\/\/www.afar-fiction.com\/\u00a0\u00bb body_text_color_last_edited=\u00a0\u00bboff|desktop\u00a0\u00bb border_color_all=\u00a0\u00bb#523fff\u00a0\u00bb box_shadow_style=\u00a0\u00bbpreset7&Prime; box_shadow_horizontal=\u00a0\u00bb-1px\u00a0\u00bb box_shadow_vertical=\u00a0\u00bb-1px\u00a0\u00bb box_shadow_color=\u00a0\u00bb#523fff\u00a0\u00bb locked=\u00a0\u00bboff\u00a0\u00bb background__hover_enabled=\u00a0\u00bbon|hover\u00a0\u00bb background_color__hover=\u00a0\u00bb#523fff\u00a0\u00bb background_enable_color__hover=\u00a0\u00bbon\u00a0\u00bb body_text_color__hover_enabled=\u00a0\u00bbon|hover\u00a0\u00bb body_text_color__hover=\u00a0\u00bb#ffffff\u00a0\u00bb header_text_color__hover_enabled=\u00a0\u00bbon|hover\u00a0\u00bb header_text_color__hover=\u00a0\u00bb#ffffff\u00a0\u00bb]<\/p>\n<p><span>Ses membres fondateurs ont eu pour volont\u00e9 de rompre l\u2019isolement dans lequel se trouve parfois l\u2019assistant r\u00e9alisateur face aux productions et aux \u00e9quipes de tournage, en cr\u00e9ant un r\u00e9seau de communication ouvert et accessible \u00e0 tous.<\/span><\/p>\n<p>[\/et_pb_blurb][et_pb_blurb title=\u00a0\u00bbAssociation des Directeurs de Casting  \u00a0\u00bb url=\u00a0\u00bbhttps:\/\/assorda.com\/\u00a0\u00bb image=\u00a0\u00bbhttp:\/\/filmenlanguedoc.com\/wp-content\/uploads\/2020\/03\/asso-pro-v2-film-languedoc-1.png\u00a0\u00bb icon_placement=\u00a0\u00bbleft\u00a0\u00bb image_max_width=\u00a0\u00bb64px\u00a0\u00bb content_max_width=\u00a0\u00bb1100px\u00a0\u00bb _builder_version=\u00a0\u00bb4.4.0&Prime; header_font=\u00a0\u00bbPoppins|700|||||||\u00a0\u00bb header_text_color=\u00a0\u00bb#000000&Prime; header_font_size=\u00a0\u00bb15px\u00a0\u00bb header_line_height=\u00a0\u00bb1.5em\u00a0\u00bb body_font=\u00a0\u00bbPoppins||||||||\u00a0\u00bb body_text_color=\u00a0\u00bb#7f7f7f\u00a0\u00bb body_font_size=\u00a0\u00bb12px\u00a0\u00bb body_line_height=\u00a0\u00bb1.9em\u00a0\u00bb background_color=\u00a0\u00bb#ffffff\u00a0\u00bb custom_margin=\u00a0\u00bb|||\u00a0\u00bb custom_padding=\u00a0\u00bb30px|30px|17px|30px||\u00a0\u00bb animation_style=\u00a0\u00bbzoom\u00a0\u00bb animation_direction=\u00a0\u00bbbottom\u00a0\u00bb animation_intensity_zoom=\u00a0\u00bb20%\u00a0\u00bb animation_starting_opacity=\u00a0\u00bb100%\u00a0\u00bb link_option_url=\u00a0\u00bbhttps:\/\/assorda.com\/\u00a0\u00bb body_text_color_last_edited=\u00a0\u00bboff|desktop\u00a0\u00bb box_shadow_style=\u00a0\u00bbpreset7&Prime; box_shadow_horizontal=\u00a0\u00bb-1px\u00a0\u00bb box_shadow_vertical=\u00a0\u00bb-1px\u00a0\u00bb box_shadow_color=\u00a0\u00bb#523fff\u00a0\u00bb locked=\u00a0\u00bboff\u00a0\u00bb background__hover_enabled=\u00a0\u00bbon|hover\u00a0\u00bb background_color__hover=\u00a0\u00bb#523fff\u00a0\u00bb background_enable_color__hover=\u00a0\u00bbon\u00a0\u00bb body_text_color__hover_enabled=\u00a0\u00bbon|hover\u00a0\u00bb body_text_color__hover=\u00a0\u00bb#ffffff\u00a0\u00bb header_text_color__hover_enabled=\u00a0\u00bbon|hover\u00a0\u00bb header_text_color__hover=\u00a0\u00bb#ffffff\u00a0\u00bb]<\/p>\n<p>L&rsquo;Association des\u00a0Responsables de Distribution Artistique (RDA)\u00a0se propose de d\u00e9finir et promouvoir le m\u00e9tier de Responsable de Distribution Artistique (ex \u00ab\u00a0directeur de casting\u00a0\u00bb) en France.<\/p>\n<p>[\/et_pb_blurb][\/et_pb_column][et_pb_column type=\u00a0\u00bb1_3&Prime; _builder_version=\u00a0\u00bb4.4.0&Prime;][et_pb_blurb title=\u00a0\u00bbAssociations des chefs d\u00e9corateurs dans le cin\u00e9ma\u00a0\u00bb url=\u00a0\u00bbhttp:\/\/www.directeurdeproduction.com\/qui.php\u00a0\u00bb image=\u00a0\u00bbhttp:\/\/filmenlanguedoc.com\/wp-content\/uploads\/2020\/03\/asso-pro-v2-film-languedoc-1.png\u00a0\u00bb icon_placement=\u00a0\u00bbleft\u00a0\u00bb image_max_width=\u00a0\u00bb64px\u00a0\u00bb _builder_version=\u00a0\u00bb4.4.0&Prime; header_font=\u00a0\u00bbPoppins|700|||||||\u00a0\u00bb header_text_color=\u00a0\u00bb#000000&Prime; header_font_size=\u00a0\u00bb15px\u00a0\u00bb header_line_height=\u00a0\u00bb1.5em\u00a0\u00bb body_font=\u00a0\u00bbPoppins||||||||\u00a0\u00bb body_text_color=\u00a0\u00bb#7f7f7f\u00a0\u00bb body_font_size=\u00a0\u00bb12px\u00a0\u00bb body_line_height=\u00a0\u00bb1.9em\u00a0\u00bb background_color=\u00a0\u00bb#ffffff\u00a0\u00bb width=\u00a0\u00bb100%\u00a0\u00bb max_width=\u00a0\u00bb100%\u00a0\u00bb custom_margin=\u00a0\u00bb|||\u00a0\u00bb custom_padding=\u00a0\u00bb30px|30px|9px|30px||\u00a0\u00bb animation_style=\u00a0\u00bbzoom\u00a0\u00bb animation_direction=\u00a0\u00bbbottom\u00a0\u00bb animation_intensity_zoom=\u00a0\u00bb20%\u00a0\u00bb animation_starting_opacity=\u00a0\u00bb100%\u00a0\u00bb link_option_url=\u00a0\u00bbhttp:\/\/www.directeurdeproduction.com\/qui.php\u00a0\u00bb body_text_color_last_edited=\u00a0\u00bboff|desktop\u00a0\u00bb box_shadow_style=\u00a0\u00bbpreset7&Prime; box_shadow_horizontal=\u00a0\u00bb-1px\u00a0\u00bb box_shadow_vertical=\u00a0\u00bb-1px\u00a0\u00bb box_shadow_color=\u00a0\u00bb#523fff\u00a0\u00bb locked=\u00a0\u00bboff\u00a0\u00bb background__hover_enabled=\u00a0\u00bbon|hover\u00a0\u00bb background_color__hover=\u00a0\u00bb#523fff\u00a0\u00bb background_enable_color__hover=\u00a0\u00bbon\u00a0\u00bb body_text_color__hover_enabled=\u00a0\u00bbon|hover\u00a0\u00bb body_text_color__hover=\u00a0\u00bb#ffffff\u00a0\u00bb header_text_color__hover_enabled=\u00a0\u00bbon|hover\u00a0\u00bb header_text_color__hover=\u00a0\u00bb#ffffff\u00a0\u00bb]<\/p>\n<p>L\u2019ADC\u00a0est l\u2019Association des Chefs D\u00e9corateurs de Cin\u00e9ma. Ouverte \u00e0 tous les professionnels, elle se d\u00e9finit comme un espace de rencontre, un forum de r\u00e9flexion, un lieu d\u2019\u00e9change et d\u2019information.<\/p>\n<p>[\/et_pb_blurb][et_pb_blurb title=\u00a0\u00bbLes Scriptes Associ\u00e9s  \u00a0\u00bb url=\u00a0\u00bbhttps:\/\/www.lesscriptesassocies.org\u00a0\u00bb image=\u00a0\u00bbhttp:\/\/filmenlanguedoc.com\/wp-content\/uploads\/2020\/03\/asso-pro-v2-film-languedoc-1.png\u00a0\u00bb icon_placement=\u00a0\u00bbleft\u00a0\u00bb image_max_width=\u00a0\u00bb64px\u00a0\u00bb content_max_width=\u00a0\u00bb1100px\u00a0\u00bb _builder_version=\u00a0\u00bb4.4.0&Prime; header_font=\u00a0\u00bbPoppins|700|||||||\u00a0\u00bb header_text_color=\u00a0\u00bb#000000&Prime; header_font_size=\u00a0\u00bb15px\u00a0\u00bb header_line_height=\u00a0\u00bb1.5em\u00a0\u00bb body_font=\u00a0\u00bbPoppins||||||||\u00a0\u00bb body_text_color=\u00a0\u00bb#7f7f7f\u00a0\u00bb body_font_size=\u00a0\u00bb12px\u00a0\u00bb body_line_height=\u00a0\u00bb1.9em\u00a0\u00bb background_color=\u00a0\u00bb#ffffff\u00a0\u00bb custom_margin=\u00a0\u00bb|||\u00a0\u00bb custom_padding=\u00a0\u00bb30px|30px|21px|30px||\u00a0\u00bb animation_style=\u00a0\u00bbzoom\u00a0\u00bb animation_direction=\u00a0\u00bbbottom\u00a0\u00bb animation_intensity_zoom=\u00a0\u00bb20%\u00a0\u00bb animation_starting_opacity=\u00a0\u00bb100%\u00a0\u00bb link_option_url=\u00a0\u00bbhttps:\/\/www.lesscriptesassocies.org\u00a0\u00bb body_text_color_last_edited=\u00a0\u00bboff|desktop\u00a0\u00bb box_shadow_style=\u00a0\u00bbpreset7&Prime; box_shadow_horizontal=\u00a0\u00bb-1px\u00a0\u00bb box_shadow_vertical=\u00a0\u00bb-1px\u00a0\u00bb box_shadow_color=\u00a0\u00bb#523fff\u00a0\u00bb locked=\u00a0\u00bboff\u00a0\u00bb background__hover_enabled=\u00a0\u00bbon|hover\u00a0\u00bb background_color__hover=\u00a0\u00bb#523fff\u00a0\u00bb background_enable_color__hover=\u00a0\u00bbon\u00a0\u00bb body_text_color__hover_enabled=\u00a0\u00bbon|hover\u00a0\u00bb body_text_color__hover=\u00a0\u00bb#ffffff\u00a0\u00bb header_text_color__hover_enabled=\u00a0\u00bbon|hover\u00a0\u00bb header_text_color__hover=\u00a0\u00bb#ffffff\u00a0\u00bb]<\/p>\n<p>Promouvoir la<span>\u00a0<\/span><strong>fonction<\/strong><span>\u00a0<\/span>de scripte et<span>\u00a0<\/span><i>\u0153uvrer<\/i><span>\u00a0<\/span>pour sa reconnaissance, am\u00e9liorer et prot\u00e9ger la qualit\u00e9 de notre travail, en pr\u00e9paration comme en tournage.<\/p>\n<p>[\/et_pb_blurb][et_pb_blurb title=\u00a0\u00bbAssociation Fran\u00e7aise des Costumiers Cin\u00e9ma et Audiovisuel  \u00a0\u00bb url=\u00a0\u00bbhttps:\/\/www.afcca.fr\/\u00a0\u00bb image=\u00a0\u00bbhttp:\/\/filmenlanguedoc.com\/wp-content\/uploads\/2020\/03\/asso-pro-v2-film-languedoc-2.png\u00a0\u00bb icon_placement=\u00a0\u00bbleft\u00a0\u00bb image_max_width=\u00a0\u00bb64px\u00a0\u00bb content_max_width=\u00a0\u00bb1100px\u00a0\u00bb _builder_version=\u00a0\u00bb4.4.0&Prime; header_font=\u00a0\u00bbPoppins|700|||||||\u00a0\u00bb header_text_color=\u00a0\u00bb#000000&Prime; header_font_size=\u00a0\u00bb15px\u00a0\u00bb header_line_height=\u00a0\u00bb1.5em\u00a0\u00bb body_font=\u00a0\u00bbPoppins||||||||\u00a0\u00bb body_text_color=\u00a0\u00bb#7f7f7f\u00a0\u00bb body_font_size=\u00a0\u00bb12px\u00a0\u00bb body_line_height=\u00a0\u00bb1.9em\u00a0\u00bb background_color=\u00a0\u00bb#ffffff\u00a0\u00bb custom_margin=\u00a0\u00bb|||\u00a0\u00bb custom_padding=\u00a0\u00bb30px|30px|22px|30px||\u00a0\u00bb animation_style=\u00a0\u00bbzoom\u00a0\u00bb animation_direction=\u00a0\u00bbbottom\u00a0\u00bb animation_intensity_zoom=\u00a0\u00bb20%\u00a0\u00bb animation_starting_opacity=\u00a0\u00bb100%\u00a0\u00bb link_option_url=\u00a0\u00bbhttps:\/\/www.afcca.fr\/\u00a0\u00bb body_text_color_last_edited=\u00a0\u00bboff|desktop\u00a0\u00bb box_shadow_style=\u00a0\u00bbpreset7&Prime; box_shadow_horizontal=\u00a0\u00bb-1px\u00a0\u00bb box_shadow_vertical=\u00a0\u00bb-1px\u00a0\u00bb box_shadow_color=\u00a0\u00bb#523fff\u00a0\u00bb locked=\u00a0\u00bboff\u00a0\u00bb background__hover_enabled=\u00a0\u00bbon|hover\u00a0\u00bb background_color__hover=\u00a0\u00bb#523fff\u00a0\u00bb background_enable_color__hover=\u00a0\u00bbon\u00a0\u00bb body_text_color__hover_enabled=\u00a0\u00bbon|hover\u00a0\u00bb body_text_color__hover=\u00a0\u00bb#ffffff\u00a0\u00bb header_text_color__hover_enabled=\u00a0\u00bbon|hover\u00a0\u00bb header_text_color__hover=\u00a0\u00bb#ffffff\u00a0\u00bb]<\/p>\n<p><span>L&rsquo;AFCCA est l&rsquo;Association Fran\u00e7aise des Costumiers du Cin\u00e9ma et de l&rsquo;Audiovisuel, elle se d\u00e9finit comme un espace de rencontre, un forum de r\u00e9flexion, un lieu d&rsquo;\u00e9change, d&rsquo;information et de transmission<\/span><span size=\"3\" style=\"font-size: medium;\">.<\/span><\/p>\n<p>[\/et_pb_blurb][et_pb_blurb title=\u00a0\u00bbAssociation Fran\u00e7aise du Son \u00e0 l&rsquo;Image    \u00a0\u00bb url=\u00a0\u00bbhttps:\/\/www.afsi.eu\/\u00a0\u00bb image=\u00a0\u00bbhttp:\/\/filmenlanguedoc.com\/wp-content\/uploads\/2020\/03\/asso-pro-v2-film-languedoc-1.png\u00a0\u00bb icon_placement=\u00a0\u00bbleft\u00a0\u00bb image_max_width=\u00a0\u00bb64px\u00a0\u00bb content_max_width=\u00a0\u00bb1100px\u00a0\u00bb _builder_version=\u00a0\u00bb4.4.0&Prime; header_font=\u00a0\u00bbPoppins|700|||||||\u00a0\u00bb header_text_color=\u00a0\u00bb#000000&Prime; header_font_size=\u00a0\u00bb15px\u00a0\u00bb header_line_height=\u00a0\u00bb1.5em\u00a0\u00bb body_font=\u00a0\u00bbPoppins||||||||\u00a0\u00bb body_text_color=\u00a0\u00bb#7f7f7f\u00a0\u00bb body_font_size=\u00a0\u00bb12px\u00a0\u00bb body_line_height=\u00a0\u00bb1.9em\u00a0\u00bb background_color=\u00a0\u00bb#ffffff\u00a0\u00bb custom_margin=\u00a0\u00bb|||\u00a0\u00bb custom_padding=\u00a0\u00bb30px|30px|9px|30px||\u00a0\u00bb animation_style=\u00a0\u00bbzoom\u00a0\u00bb animation_direction=\u00a0\u00bbbottom\u00a0\u00bb animation_intensity_zoom=\u00a0\u00bb20%\u00a0\u00bb animation_starting_opacity=\u00a0\u00bb100%\u00a0\u00bb link_option_url=\u00a0\u00bbhttps:\/\/www.afsi.eu\/\u00a0\u00bb body_text_color_last_edited=\u00a0\u00bboff|desktop\u00a0\u00bb box_shadow_style=\u00a0\u00bbpreset7&Prime; box_shadow_horizontal=\u00a0\u00bb-1px\u00a0\u00bb box_shadow_vertical=\u00a0\u00bb-1px\u00a0\u00bb box_shadow_color=\u00a0\u00bb#523fff\u00a0\u00bb locked=\u00a0\u00bboff\u00a0\u00bb background__hover_enabled=\u00a0\u00bbon|hover\u00a0\u00bb background_color__hover=\u00a0\u00bb#523fff\u00a0\u00bb background_enable_color__hover=\u00a0\u00bbon\u00a0\u00bb body_text_color__hover_enabled=\u00a0\u00bbon|hover\u00a0\u00bb body_text_color__hover=\u00a0\u00bb#ffffff\u00a0\u00bb header_text_color__hover_enabled=\u00a0\u00bbon|hover\u00a0\u00bb header_text_color__hover=\u00a0\u00bb#ffffff\u00a0\u00bb]<\/p>\n<p>L&rsquo;AFSI (Association Fran\u00e7aise du Son \u00e0 l\u2019Image)\u00a0a pour objectifs de d\u00e9velopper des relations, \u00e9changer des informations, discuter des m\u00e9thodes, contribuer \u00e0 r\u00e9soudre.<\/p>\n<p>[\/et_pb_blurb][et_pb_blurb title=\u00a0\u00bbAssociation Fran\u00e7aise des Directeurs de la Photographie\u00a0\u00bb url=\u00a0\u00bbhttp:\/\/www.afcinema.com\u00a0\u00bb image=\u00a0\u00bbhttp:\/\/filmenlanguedoc.com\/wp-content\/uploads\/2020\/03\/asso-pro-v2-film-languedoc-1.png\u00a0\u00bb icon_placement=\u00a0\u00bbleft\u00a0\u00bb image_max_width=\u00a0\u00bb64px\u00a0\u00bb content_max_width=\u00a0\u00bb1100px\u00a0\u00bb _builder_version=\u00a0\u00bb4.4.0&Prime; header_font=\u00a0\u00bbPoppins|700|||||||\u00a0\u00bb header_text_color=\u00a0\u00bb#000000&Prime; header_font_size=\u00a0\u00bb15px\u00a0\u00bb header_line_height=\u00a0\u00bb1.5em\u00a0\u00bb body_font=\u00a0\u00bbPoppins||||||||\u00a0\u00bb body_text_color=\u00a0\u00bb#7f7f7f\u00a0\u00bb body_font_size=\u00a0\u00bb12px\u00a0\u00bb body_line_height=\u00a0\u00bb1.9em\u00a0\u00bb background_color=\u00a0\u00bb#ffffff\u00a0\u00bb custom_margin=\u00a0\u00bb|||\u00a0\u00bb custom_padding=\u00a0\u00bb30px|30px|21px|30px||\u00a0\u00bb animation_style=\u00a0\u00bbzoom\u00a0\u00bb animation_direction=\u00a0\u00bbbottom\u00a0\u00bb animation_intensity_zoom=\u00a0\u00bb20%\u00a0\u00bb animation_starting_opacity=\u00a0\u00bb100%\u00a0\u00bb link_option_url=\u00a0\u00bbhttp:\/\/www.afcinema.com\u00a0\u00bb body_text_color_last_edited=\u00a0\u00bboff|desktop\u00a0\u00bb box_shadow_style=\u00a0\u00bbpreset7&Prime; box_shadow_horizontal=\u00a0\u00bb-1px\u00a0\u00bb box_shadow_vertical=\u00a0\u00bb-1px\u00a0\u00bb box_shadow_color=\u00a0\u00bb#523fff\u00a0\u00bb locked=\u00a0\u00bboff\u00a0\u00bb background__hover_enabled=\u00a0\u00bbon|hover\u00a0\u00bb background_color__hover=\u00a0\u00bb#523fff\u00a0\u00bb background_enable_color__hover=\u00a0\u00bbon\u00a0\u00bb body_text_color__hover_enabled=\u00a0\u00bbon|hover\u00a0\u00bb body_text_color__hover=\u00a0\u00bb#ffffff\u00a0\u00bb header_text_color__hover_enabled=\u00a0\u00bbon|hover\u00a0\u00bb header_text_color__hover=\u00a0\u00bb#ffffff\u00a0\u00bb]<\/p>\n<p><span>L\u2019Association fran\u00e7aise des directeurs de la photographie cin\u00e9matographique est la principale association professionnelle de chefs op\u00e9rateurs fran\u00e7ais.<\/span><\/p>\n<p>[\/et_pb_blurb][\/et_pb_column][\/et_pb_row][\/et_pb_section]<\/p>\n","protected":false},"excerpt":{"rendered":"<p>Nous &amp;\u00a0les autres. L\u2019association s\u2019adresse \u00e0 toutes et \u00e0 tous. Elle se d\u00e9finit comme un espace de rencontres, un outil professionnel, un lien entre tous les acteurs de notre secteur, un terrain de r\u00e9flexion, de d\u00e9veloppement de projet et d\u2019\u00e9changes d\u2019informations, et un appui aux\u00a0 nouveaux techniciens. Beaucoup d&rsquo;autres associations sont \u00e0 la disposition des [&hellip;]<\/p>\n","protected":false},"author":1,"featured_media":0,"parent":0,"menu_order":0,"comment_status":"closed","ping_status":"closed","template":"","meta":{"_et_pb_use_builder":"on","_et_pb_old_content":"<!-- wp:divi\/placeholder \/-->","_et_gb_content_width":"","footnotes":""},"class_list":["post-58","page","type-page","status-publish","hentry"],"yoast_head":"<!-- This site is optimized with the Yoast SEO plugin v26.9 - https:\/\/yoast.com\/product\/yoast-seo-wordpress\/ -->\n<title>Ressources - Film en Languedoc Occitanie<\/title>\n<meta name=\"robots\" content=\"index, follow, max-snippet:-1, max-image-preview:large, max-video-preview:-1\" \/>\n<link rel=\"canonical\" href=\"https:\/\/filmenlanguedoc.com\/index.php\/ressources\/\" \/>\n<meta property=\"og:locale\" content=\"fr_FR\" \/>\n<meta property=\"og:type\" content=\"article\" \/>\n<meta property=\"og:title\" content=\"Ressources - Film en Languedoc Occitanie\" \/>\n<meta property=\"og:description\" content=\"Nous &amp;\u00a0les autres. L\u2019association s\u2019adresse \u00e0 toutes et \u00e0 tous. Elle se d\u00e9finit comme un espace de rencontres, un outil professionnel, un lien entre tous les acteurs de notre secteur, un terrain de r\u00e9flexion, de d\u00e9veloppement de projet et d\u2019\u00e9changes d\u2019informations, et un appui aux\u00a0 nouveaux techniciens. Beaucoup d&#039;autres associations sont \u00e0 la disposition des [&hellip;]\" \/>\n<meta property=\"og:url\" content=\"https:\/\/filmenlanguedoc.com\/index.php\/ressources\/\" \/>\n<meta property=\"og:site_name\" content=\"Film en Languedoc Occitanie\" \/>\n<meta property=\"article:modified_time\" content=\"2020-05-01T16:39:08+00:00\" \/>\n<meta name=\"twitter:card\" content=\"summary_large_image\" \/>\n<meta name=\"twitter:label1\" content=\"Dur\u00e9e de lecture estim\u00e9e\" \/>\n\t<meta name=\"twitter:data1\" content=\"22 minutes\" \/>\n<script type=\"application\/ld+json\" class=\"yoast-schema-graph\">{\"@context\":\"https:\/\/schema.org\",\"@graph\":[{\"@type\":\"WebPage\",\"@id\":\"https:\/\/filmenlanguedoc.com\/index.php\/ressources\/\",\"url\":\"https:\/\/filmenlanguedoc.com\/index.php\/ressources\/\",\"name\":\"Ressources - Film en Languedoc Occitanie\",\"isPartOf\":{\"@id\":\"https:\/\/filmenlanguedoc.com\/#website\"},\"datePublished\":\"2020-03-12T13:26:46+00:00\",\"dateModified\":\"2020-05-01T16:39:08+00:00\",\"breadcrumb\":{\"@id\":\"https:\/\/filmenlanguedoc.com\/index.php\/ressources\/#breadcrumb\"},\"inLanguage\":\"fr-FR\",\"potentialAction\":[{\"@type\":\"ReadAction\",\"target\":[\"https:\/\/filmenlanguedoc.com\/index.php\/ressources\/\"]}]},{\"@type\":\"BreadcrumbList\",\"@id\":\"https:\/\/filmenlanguedoc.com\/index.php\/ressources\/#breadcrumb\",\"itemListElement\":[{\"@type\":\"ListItem\",\"position\":1,\"name\":\"Accueil\",\"item\":\"https:\/\/filmenlanguedoc.com\/\"},{\"@type\":\"ListItem\",\"position\":2,\"name\":\"Ressources\"}]},{\"@type\":\"WebSite\",\"@id\":\"https:\/\/filmenlanguedoc.com\/#website\",\"url\":\"https:\/\/filmenlanguedoc.com\/\",\"name\":\"Film en Languedoc Occitanie\",\"description\":\"Film en Languedoc Occitanie est une association de techniciens, ouvriers et r\u00e9alisateurs du cin\u00e9ma et de l\u2019audiovisuel. Elle est n\u00e9e en 2011 du d\u00e9sir de partager notre passion commune.\",\"publisher\":{\"@id\":\"https:\/\/filmenlanguedoc.com\/#organization\"},\"potentialAction\":[{\"@type\":\"SearchAction\",\"target\":{\"@type\":\"EntryPoint\",\"urlTemplate\":\"https:\/\/filmenlanguedoc.com\/?s={search_term_string}\"},\"query-input\":{\"@type\":\"PropertyValueSpecification\",\"valueRequired\":true,\"valueName\":\"search_term_string\"}}],\"inLanguage\":\"fr-FR\"},{\"@type\":\"Organization\",\"@id\":\"https:\/\/filmenlanguedoc.com\/#organization\",\"name\":\"Film en Languedoc Occitanie\",\"url\":\"https:\/\/filmenlanguedoc.com\/\",\"logo\":{\"@type\":\"ImageObject\",\"inLanguage\":\"fr-FR\",\"@id\":\"https:\/\/filmenlanguedoc.com\/#\/schema\/logo\/image\/\",\"url\":\"https:\/\/i0.wp.com\/filmenlanguedoc.com\/wp-content\/uploads\/2020\/04\/logotype-film-en-languedoc-occitanie-verticale-violet.png?fit=1080%2C1080&ssl=1\",\"contentUrl\":\"https:\/\/i0.wp.com\/filmenlanguedoc.com\/wp-content\/uploads\/2020\/04\/logotype-film-en-languedoc-occitanie-verticale-violet.png?fit=1080%2C1080&ssl=1\",\"width\":1080,\"height\":1080,\"caption\":\"Film en Languedoc Occitanie\"},\"image\":{\"@id\":\"https:\/\/filmenlanguedoc.com\/#\/schema\/logo\/image\/\"}}]}<\/script>\n<!-- \/ Yoast SEO plugin. -->","yoast_head_json":{"title":"Ressources - Film en Languedoc Occitanie","robots":{"index":"index","follow":"follow","max-snippet":"max-snippet:-1","max-image-preview":"max-image-preview:large","max-video-preview":"max-video-preview:-1"},"canonical":"https:\/\/filmenlanguedoc.com\/index.php\/ressources\/","og_locale":"fr_FR","og_type":"article","og_title":"Ressources - Film en Languedoc Occitanie","og_description":"Nous &amp;\u00a0les autres. L\u2019association s\u2019adresse \u00e0 toutes et \u00e0 tous. Elle se d\u00e9finit comme un espace de rencontres, un outil professionnel, un lien entre tous les acteurs de notre secteur, un terrain de r\u00e9flexion, de d\u00e9veloppement de projet et d\u2019\u00e9changes d\u2019informations, et un appui aux\u00a0 nouveaux techniciens. Beaucoup d'autres associations sont \u00e0 la disposition des [&hellip;]","og_url":"https:\/\/filmenlanguedoc.com\/index.php\/ressources\/","og_site_name":"Film en Languedoc Occitanie","article_modified_time":"2020-05-01T16:39:08+00:00","twitter_card":"summary_large_image","twitter_misc":{"Dur\u00e9e de lecture estim\u00e9e":"22 minutes"},"schema":{"@context":"https:\/\/schema.org","@graph":[{"@type":"WebPage","@id":"https:\/\/filmenlanguedoc.com\/index.php\/ressources\/","url":"https:\/\/filmenlanguedoc.com\/index.php\/ressources\/","name":"Ressources - Film en Languedoc Occitanie","isPartOf":{"@id":"https:\/\/filmenlanguedoc.com\/#website"},"datePublished":"2020-03-12T13:26:46+00:00","dateModified":"2020-05-01T16:39:08+00:00","breadcrumb":{"@id":"https:\/\/filmenlanguedoc.com\/index.php\/ressources\/#breadcrumb"},"inLanguage":"fr-FR","potentialAction":[{"@type":"ReadAction","target":["https:\/\/filmenlanguedoc.com\/index.php\/ressources\/"]}]},{"@type":"BreadcrumbList","@id":"https:\/\/filmenlanguedoc.com\/index.php\/ressources\/#breadcrumb","itemListElement":[{"@type":"ListItem","position":1,"name":"Accueil","item":"https:\/\/filmenlanguedoc.com\/"},{"@type":"ListItem","position":2,"name":"Ressources"}]},{"@type":"WebSite","@id":"https:\/\/filmenlanguedoc.com\/#website","url":"https:\/\/filmenlanguedoc.com\/","name":"Film en Languedoc Occitanie","description":"Film en Languedoc Occitanie est une association de techniciens, ouvriers et r\u00e9alisateurs du cin\u00e9ma et de l\u2019audiovisuel. Elle est n\u00e9e en 2011 du d\u00e9sir de partager notre passion commune.","publisher":{"@id":"https:\/\/filmenlanguedoc.com\/#organization"},"potentialAction":[{"@type":"SearchAction","target":{"@type":"EntryPoint","urlTemplate":"https:\/\/filmenlanguedoc.com\/?s={search_term_string}"},"query-input":{"@type":"PropertyValueSpecification","valueRequired":true,"valueName":"search_term_string"}}],"inLanguage":"fr-FR"},{"@type":"Organization","@id":"https:\/\/filmenlanguedoc.com\/#organization","name":"Film en Languedoc Occitanie","url":"https:\/\/filmenlanguedoc.com\/","logo":{"@type":"ImageObject","inLanguage":"fr-FR","@id":"https:\/\/filmenlanguedoc.com\/#\/schema\/logo\/image\/","url":"https:\/\/i0.wp.com\/filmenlanguedoc.com\/wp-content\/uploads\/2020\/04\/logotype-film-en-languedoc-occitanie-verticale-violet.png?fit=1080%2C1080&ssl=1","contentUrl":"https:\/\/i0.wp.com\/filmenlanguedoc.com\/wp-content\/uploads\/2020\/04\/logotype-film-en-languedoc-occitanie-verticale-violet.png?fit=1080%2C1080&ssl=1","width":1080,"height":1080,"caption":"Film en Languedoc Occitanie"},"image":{"@id":"https:\/\/filmenlanguedoc.com\/#\/schema\/logo\/image\/"}}]}},"jetpack_sharing_enabled":true,"_links":{"self":[{"href":"https:\/\/filmenlanguedoc.com\/index.php\/wp-json\/wp\/v2\/pages\/58","targetHints":{"allow":["GET"]}}],"collection":[{"href":"https:\/\/filmenlanguedoc.com\/index.php\/wp-json\/wp\/v2\/pages"}],"about":[{"href":"https:\/\/filmenlanguedoc.com\/index.php\/wp-json\/wp\/v2\/types\/page"}],"author":[{"embeddable":true,"href":"https:\/\/filmenlanguedoc.com\/index.php\/wp-json\/wp\/v2\/users\/1"}],"replies":[{"embeddable":true,"href":"https:\/\/filmenlanguedoc.com\/index.php\/wp-json\/wp\/v2\/comments?post=58"}],"version-history":[{"count":88,"href":"https:\/\/filmenlanguedoc.com\/index.php\/wp-json\/wp\/v2\/pages\/58\/revisions"}],"predecessor-version":[{"id":5329,"href":"https:\/\/filmenlanguedoc.com\/index.php\/wp-json\/wp\/v2\/pages\/58\/revisions\/5329"}],"wp:attachment":[{"href":"https:\/\/filmenlanguedoc.com\/index.php\/wp-json\/wp\/v2\/media?parent=58"}],"curies":[{"name":"wp","href":"https:\/\/api.w.org\/{rel}","templated":true}]}}