{"version":"1.0","provider_name":"Film en Languedoc Occitanie","provider_url":"https:\/\/filmenlanguedoc.com","author_name":"pierre moro","author_url":"https:\/\/filmenlanguedoc.com\/index.php\/author\/admin-user2\/","title":"Nouvelle ann\u00e9e, nouvelles rencontres FEL - Film en Languedoc Occitanie","type":"rich","width":600,"height":338,"html":"<blockquote class=\"wp-embedded-content\" data-secret=\"xeTMkTq4ZS\"><a href=\"https:\/\/filmenlanguedoc.com\/index.php\/events\/nouvelle-annee-nouvelles-rencontres-fel\/\">Nouvelle ann\u00e9e, nouvelles rencontres FEL<\/a><\/blockquote><iframe sandbox=\"allow-scripts\" security=\"restricted\" src=\"https:\/\/filmenlanguedoc.com\/index.php\/events\/nouvelle-annee-nouvelles-rencontres-fel\/embed\/#?secret=xeTMkTq4ZS\" width=\"600\" height=\"338\" title=\"\u00ab\u00a0Nouvelle ann\u00e9e, nouvelles rencontres FEL\u00a0\u00bb &#8212; Film en Languedoc Occitanie\" data-secret=\"xeTMkTq4ZS\" frameborder=\"0\" marginwidth=\"0\" marginheight=\"0\" scrolling=\"no\" class=\"wp-embedded-content\"><\/iframe><script type=\"text\/javascript\">\n\/* <![CDATA[ *\/\n\/*! This file is auto-generated *\/\n!function(d,l){\"use strict\";l.querySelector&&d.addEventListener&&\"undefined\"!=typeof URL&&(d.wp=d.wp||{},d.wp.receiveEmbedMessage||(d.wp.receiveEmbedMessage=function(e){var t=e.data;if((t||t.secret||t.message||t.value)&&!\/[^a-zA-Z0-9]\/.test(t.secret)){for(var s,r,n,a=l.querySelectorAll('iframe[data-secret=\"'+t.secret+'\"]'),o=l.querySelectorAll('blockquote[data-secret=\"'+t.secret+'\"]'),c=new RegExp(\"^https?:$\",\"i\"),i=0;i<o.length;i++)o[i].style.display=\"none\";for(i=0;i<a.length;i++)s=a[i],e.source===s.contentWindow&&(s.removeAttribute(\"style\"),\"height\"===t.message?(1e3<(r=parseInt(t.value,10))?r=1e3:~~r<200&&(r=200),s.height=r):\"link\"===t.message&&(r=new URL(s.getAttribute(\"src\")),n=new URL(t.value),c.test(n.protocol))&&n.host===r.host&&l.activeElement===s&&(d.top.location.href=t.value))}},d.addEventListener(\"message\",d.wp.receiveEmbedMessage,!1),l.addEventListener(\"DOMContentLoaded\",function(){for(var e,t,s=l.querySelectorAll(\"iframe.wp-embedded-content\"),r=0;r<s.length;r++)(t=(e=s[r]).getAttribute(\"data-secret\"))||(t=Math.random().toString(36).substring(2,12),e.src+=\"#?secret=\"+t,e.setAttribute(\"data-secret\",t)),e.contentWindow.postMessage({message:\"ready\",secret:t},\"*\")},!1)))}(window,document);\n\/* ]]> *\/\n<\/script>\n","description":"Cette ann\u00e9e, nous lan\u00e7ons une s\u00e9rie de rencontres mensuelles afin de favoriser les \u00e9changes entre les professionnels du r\u00e9seau, dans un lieu d\u00e9di\u00e9. Ces rendez-vous seront des moments conviviaux pour se retrouver entre technicien\u00b7nes et professionnel\u00b7les de l\u2019audiovisuel, \u00e9changer autour de nos m\u00e9tiers, partager nos exp\u00e9riences et mieux accueillir les nouveaux adh\u00e9rents au sein du [&hellip;]"}